{"id":10,"date":"2019-02-07T19:58:34","date_gmt":"2019-02-07T19:58:34","guid":{"rendered":"http:\/\/franknordhausen.com\/?page_id=10"},"modified":"2021-11-07T18:52:18","modified_gmt":"2021-11-07T18:52:18","slug":"aktuelle-veroeffentlichungen","status":"publish","type":"page","link":"https:\/\/franknordhausen.com\/?page_id=10","title":{"rendered":"Ver\u00f6ffentlichungen Juli &#8211; Dezember 2020"},"content":{"rendered":"\n<h4 class=\"has-luminous-vivid-orange-color has-text-color wp-block-heading\"> <\/h4>\n\n\n\n<h2 class=\"has-very-dark-gray-color has-text-color wp-block-heading\"><em>In dieser Rubrik finden Sie Artikel von mir, die im zweiten Halbjahr 2020 ver\u00f6ffentlicht wurden. Ich habe die Texte, soweit m\u00f6glich, auf die Originalver\u00f6ffentlichung verlinkt.<\/em><\/h2>\n\n\n\n<p><\/p>\n\n\n\n<h4 class=\"has-luminous-vivid-orange-color has-text-color wp-block-heading\">23. Dezember 2020, <em>Berliner Zeitung<\/em><\/h4>\n\n\n\n<p><strong>Kommentar: Prozess gegen Can D\u00fcndar: Das Terrorurteil<\/strong><\/p>\n\n\n\n<p>Der D\u00fcndar-Prozess beweist erneut, dass es Zeit ist f\u00fcr die EU, <a href=\"https:\/\/www.berliner-zeitung.de\/politik-gesellschaft\/prozess-gegen-can-duendar-das-terrorurteil-li.128092?pid=true\">Erdogan endlich Grenzen zu ziehen.<\/a> <em>(Paywall; Sie finden den Text <a href=\"http:\/\/franknordhausen.com\/?page_id=118\">hier auf der Webseite unter der Rubrik &#8222;Texte&#8220;<\/a>)<\/em><\/p>\n\n\n\n<p><\/p>\n\n\n\n<h4 class=\"has-luminous-vivid-orange-color has-text-color wp-block-heading\">22. Dezember 2020, <em>Weser-Kurier<\/em><\/h4>\n\n\n\n<p><strong>Kommentar zu EU-Sanktionen gegen die T\u00fcrkei: Der Westen verliert langsam die Geduld mit Ankara<\/strong><\/p>\n\n\n\n<p>Es ist ein ewiges Hin und Her zwischen der T\u00fcrkei und der EU. Die Sanktionspolitik scheint an Erdogan abzuprallen. <a href=\"https:\/\/www.weser-kurier.de\/deutschland-welt\/deutschland-welt-politik_artikel,-der-westen-verliert-langsam-die-geduld-mit-ankara-_arid,1950378.html\">Damit k\u00f6nnte es jedoch bald vorbei sein, meint Frank Nordhausen<\/a>.<\/p>\n\n\n\n<p><\/p>\n\n\n\n<h4 class=\"has-luminous-vivid-orange-color has-text-color wp-block-heading\">17. Dezember 2020, <em>Ahvalnews<\/em><\/h4>\n\n\n\n<p><strong>German parliamentary report challenges Turkey\u2019s legal stance in Cyprus<\/strong><\/p>\n\n\n\n<p>Turkish President Recep Tayyip Erdo\u011fan\u2019s proposed plans for the former seaside resort of Varosha in Northern Cyprus are contrary to international law, according to a study by the German Bundestag&#8217;s Scientific Service (WD) seen by Ahval ahead of publication. <a href=\"https:\/\/ahvalnews.com\/cyprus\/german-parliamentary-report-challenges-turkeys-legal-stance-cyprus\">The 23-page legal study was commissioned by Bundestag member Sevim Da\u011fdelen from the leftist Die Linke party and chairwoman of the German-Turkish parliamentary group.<\/a><\/p>\n\n\n\n<p><\/p>\n\n\n\n<h4 class=\"has-luminous-vivid-orange-color has-text-color wp-block-heading\">15. Dezember 2020, <em>Frankfurter Rundschau<\/em><\/h4>\n\n\n\n<p><strong>Zypern &#8211; Erdogan bekr\u00e4ftigt Anspruch der T\u00fcrkei \u00fcber Zypern &#8211; \u201eNie dagewesene Provokation\u201c<\/strong><\/p>\n\n\n\n<p>Was der t\u00fcrkische Pr\u00e4sident Recep Tayyip Erdogan mit dem Seebad Varosha plant, ist v\u00f6lkerrechtswidrig &#8211; das <a href=\"https:\/\/www.fr.de\/politik\/recep-tayyip-erdogan-tuerkei-zypern-konflikt-varosha-ankara-90130164.html\">sagt der Wissenschaftliche Dienst des Bundestages<\/a>.<\/p>\n\n\n\n<p><\/p>\n\n\n\n<h4 class=\"has-luminous-vivid-orange-color has-text-color wp-block-heading\">12. Dezember 2020, <em>Frankfurter Rundschau<\/em><\/h4>\n\n\n\n<p><strong>Die T\u00fcrkei und Europa: Erdogan sch\u00fcrt weiter Konflikt mit EU \u2013 Heiko Maas verliert Geduld: \u201eZu viele Provokationen\u201c<\/strong><\/p>\n\n\n\n<p>Die gr\u00f6\u00dfte St\u00e4rke des t\u00fcrkischen Pr\u00e4sidenten Recep Tayyip Erdogan war stets sein sicherer Instinkt f\u00fcrs politische \u00dcberleben. Wenn er es f\u00fcr n\u00f6tig befand, konnte er seine Strategie so opportunistisch \u00e4ndern, dass er m\u00fchelos die gegenteilige Position vertrat. Doch vor dem Treffen der europ\u00e4ischen Staats- und Regierungschefs ab Donnerstag in Br\u00fcssel <a href=\"https:\/\/www.fr.de\/politik\/tecep-tayyip-erdogan-tuerkei-eu-krise-corona-wirtschaft-heiko-maas-berlin-90125444.html\">scheint ihn sein Sinn f\u00fcr Realpolitik im Stich zu lassen<\/a>.<\/p>\n\n\n\n<p><\/p>\n\n\n\n<h4 class=\"has-luminous-vivid-orange-color has-text-color wp-block-heading\">8. Dezember 2020, DGB-Debattenmagazin <em>Gegenblende<\/em><\/h4>\n\n\n\n<p><strong>Ist die T\u00fcrkei noch zu retten?<\/strong><\/p>\n\n\n\n<p>Es gilt als wahrscheinlich, dass die EU auf ihrem Gipfel Ende der Woche Saktionen gegen die T\u00fcrkei beschlie\u00dft. Das ist richtig und wird Pr\u00e4sident Erdogan weiter schw\u00e4chen. <a href=\"https:\/\/gegenblende.dgb.de\/artikel\/++co++f11a219a-3953-11eb-af4e-001a4a160123\">Diese Situation ist eine Chance, um Rechtsstaatlichkeit und Menschenrechte in der T\u00fcrkei zu verlangen.<\/a> Die Europ\u00e4er sollten das nutzen.<\/p>\n\n\n\n<p><\/p>\n\n\n\n<h4 class=\"has-luminous-vivid-orange-color has-text-color wp-block-heading\">23. November 2020, <em>Frankfurter Rundschau<\/em><\/h4>\n\n\n\n<p><strong>Nach der US-Wahl &#8211; T\u00fcrkei: Erdogan reagiert mit Regierungsumbildung auf Donald Trumps Niederlage<\/strong><\/p>\n\n\n\n<p>Zu den gr\u00f6\u00dften Verlierern von<strong> <\/strong>Joe Bidens Sieg bei den Pr\u00e4sidentschaftswahlen in den USA geh\u00f6rt der t\u00fcrkische Staatspr\u00e4sident Recep Tayyip Erdogan. Er konnte sich auf eine enge Beziehung zu Donald Trump verlassen, der ihm fast alle Normverst\u00f6\u00dfe durchgehen lie\u00df \u2013 ethnische S\u00e4uberungen in Syrien, Unterst\u00fctzung islamistischer Terrorgruppen oder den Kauf des russischen S-400-Flugabwehrsystems. <a href=\"https:\/\/www.fr.de\/politik\/us-wahl-joe-biden-sieg-geht-recep-erdogan-tuerkei-in-charme-offensive-donald-trump-90105932.html\">Das ist vorbei. Mehr noch: Joe Biden hat schon als Pr\u00e4sidentschaftskandidat klare Aussagen \u00fcber seine k\u00fcnftige T\u00fcrkei-Politik getroffen.<\/a><\/p>\n\n\n\n<p><\/p>\n\n\n\n<h4 class=\"has-luminous-vivid-orange-color has-text-color wp-block-heading\">22. November 2020, <em>Weser-Kurier<\/em><\/h4>\n\n\n\n<p><strong>Kommentar \u00fcber Erdogan und Biden: Klare Ansage an die T\u00fcrkei<\/strong><\/p>\n\n\n\n<p>Mit US-Pr\u00e4sident Donald Trump kam der t\u00fcrkische Pr\u00e4sident Recep Tayyip Erdogan unterm Strich gut klar. <a href=\"https:\/\/www.weser-kurier.de\/deutschland-welt\/deutschland-welt-politik_artikel,-klare-ansage-an-die-tuerkei-_arid,1946718.html\">Das d\u00fcrfte sich mit dessen Nachfolger Joe Biden aber \u00e4ndern, analysiert Frank Nordhausen<\/a>.<\/p>\n\n\n\n<p><\/p>\n\n\n\n<h4 class=\"has-luminous-vivid-orange-color has-text-color wp-block-heading\">21. November 2020, <em>Neue Z\u00fcrcher Zeitung<\/em><\/h4>\n\n\n\n<p><strong>Erdogan tr\u00e4umt vom Anschluss Nordzyperns: Die interventionistische Aussenpolitik des t\u00fcrkischen Staatschefs scheint ein weiteres Ziel zu haben.<\/strong><\/p>\n\n\n\n<p>In Wahrheit k\u00f6nnte Erdogan aber noch etwas ganz anderes im Sinn haben: den Anschluss Nordzyperns an die T\u00fcrkei. <a href=\"https:\/\/nzzas.nzz.ch\/international\/zypern-erdogan-traeumt-vom-anschluss-nordzyperns-ld.1588228\">Es w\u00e4re die Fortsetzung seiner interventionistischen Aussenpolitik der vergangenen Jahre.<\/a><\/p>\n\n\n\n<p><\/p>\n\n\n\n<h4 class=\"has-luminous-vivid-orange-color has-text-color wp-block-heading\">11. November 2020, DGB-Debattenmagazin Gegenblende<\/h4>\n\n\n\n<p>T<strong>\u00fcrkische T\u00e4uschung bei Corona<\/strong><\/p>\n\n\n\n<p>Der Lockdown light soll die Covid-19-Pandemie eind\u00e4mmen helfen &#8211; und das wahrscheinlich l\u00e4nger als bisher gedacht. Die Coronazahlen k\u00f6nnten niedriger sein, wenn die Bundesregierung vier t\u00fcrkische Regionen schon vor Monaten zu Risikogebieten erkl\u00e4rt h\u00e4tte. <a href=\"https:\/\/gegenblende.dgb.de\/artikel\/++co++f4186f96-27f6-11eb-84e5-001a4a160123\">Sie vertraute auf manipulierte Zahlen der T\u00fcrkei, die Experten schon lange f\u00fcr offenkundig zu niedrig hielten.<\/a><\/p>\n\n\n\n<p><\/p>\n\n\n\n<h4 class=\"has-luminous-vivid-orange-color has-text-color wp-block-heading\">9. November 2020, <em>Berliner Zeitung<\/em><\/h4>\n\n\n\n<p><strong>T\u00fcrkische Wirtschaft in der Krise: Erdogans Schwiegersohn tritt als Finanzminister zur\u00fcck<\/strong><\/p>\n\n\n\n<p>Schweigen, R\u00e4tselraten und Ger\u00fcchte: Nachdem der t\u00fcrkische Finanzminister und Pr\u00e4sidenten-Schwiegersohn Berat Albayrak am Sonntagabend seinen R\u00fccktritt \u00fcberraschend und h\u00f6chst ungew\u00f6hnlich auf&nbsp; Instagram erkl\u00e4rt hatte, wurde in Ankara spekuliert, was von seiner Demission zu halten sei. Bis zum sp\u00e4ten Nachmittag hatten sich weder Staatschef Recep Tayyip Erdogan noch Mitglieder der Regierung offiziell ge\u00e4u\u00dfert. <a href=\"https:\/\/www.berliner-zeitung.de\/wirtschaft-verantwortung\/erdogans-schwiegersohn-tritt-als-finanzminister-zurueck-li.117593\">Die zu mehr als 90 Prozent gleichgeschalteten Medien des Landes schwiegen zu der Staatsaff\u00e4re<\/a>. <\/p>\n\n\n\n<p><\/p>\n\n\n\n<h4 class=\"has-luminous-vivid-orange-color has-text-color wp-block-heading\">4. November 2020, <em>Frankfurter Rundschau<\/em><\/h4>\n\n\n\n<p><strong>Zypern &#8211; \u201e2021 wird wieder ein schwieriges Jahr\u201c<\/strong><\/p>\n\n\n\n<p>Der <a href=\"https:\/\/www.fr.de\/panorama\/2021-wird-wieder-ein-schwieriges-jahr-90090461.html\">zyprische Tourismusminister Savvas Perdios im Gespr\u00e4ch<\/a> \u00fcber Einbu\u00dfen durch die Pandemie, Massentourismus, Vers\u00e4umnisse in der Vergangenheit und die Besonderheiten der Insel.<\/p>\n\n\n\n<p><\/p>\n\n\n\n<h4 class=\"has-luminous-vivid-orange-color has-text-color wp-block-heading\">29. Oktober 2020, <em>Frankfurter Rundschau<\/em><\/h4>\n\n\n\n<p><strong>Karikaturen-Streit: \u201eGeisteskrank\u201c &#8211; Erdogans verbale Salven gegen Frankreich<\/strong><\/p>\n\n\n\n<p>Der au\u00dfenpolitische Eskalationskurs Recep Tayyip Erdogans gegen\u00fcber Frankreich ist <a href=\"https:\/\/www.fr.de\/politik\/recep-tayyip-erdogan-charlie-hebdo-karikaturen-frankreich-tuerkei-konfrontation-macron-90083552.html\">vor allem innenpolitischen Problemen in der T\u00fcrkei geschuldet<\/a>.<\/p>\n\n\n\n<p><\/p>\n\n\n\n<h4 class=\"has-luminous-vivid-orange-color has-text-color wp-block-heading\">27. Oktober 2020, <em>Frankfurter Rundschau<\/em><\/h4>\n\n\n\n<p><strong>Erdogans Propaganda-Video z\u00fcndet nicht<\/strong><\/p>\n\n\n\n<p>Der Versuch des t\u00fcrkischen Staatschefs, eine \u201ereligi\u00f6se Generation\u201c heranzuziehen, fruchtet nicht &#8211; <a href=\"https:\/\/www.fr.de\/politik\/erdogans-propaganda-video-zuendet-nicht-90081041.html\">bei der Jugend kommt er nicht mehr an<\/a>.<\/p>\n\n\n\n<h4 class=\"has-luminous-vivid-orange-color has-text-color wp-block-heading\">19. Oktober 2020, <em>Frankfurter Rundschau<\/em><\/h4>\n\n\n\n<p><strong>\u201eGoldene P\u00e4sse\u201c-Skandal: \u201eLeider gibt es das nicht nur auf Zypern\u201c<\/strong><\/p>\n\n\n\n<p>EU-Gr\u00fcnen-Parlamentarier Sven Giegold \u00fcber den Visa-Handel, Verst\u00f6\u00dfe gegen EU-Recht und notwendige Schritte (<a href=\"https:\/\/www.fr.de\/politik\/leider-gibt-es-das-nicht-nur-auf-zypern-90074083.html\">hier mein Interview<\/a>)<\/p>\n\n\n\n<p><\/p>\n\n\n\n<h4 class=\"has-luminous-vivid-orange-color has-text-color wp-block-heading\">13. Oktober 2020, <em>Frankfurter Rundschau<\/em><\/h4>\n\n\n\n<p><strong>Republik Nordzypern: Erdogan mischt mit: Kalkulierte Provokation vor der Wahl in Nordzypern<\/strong><\/p>\n\n\n\n<p>Pr\u00e4sident Mustafa Akinci muss in die Stichwahl gegen Ersin Tatar, den Favoriten des t\u00fcrkischen Pr\u00e4sidenten Erdogan. <a href=\"https:\/\/www.fr.de\/politik\/erdogan-nordzypern-tuerkei-provokation-erdgas-tatar-akinci-90067848.html\">Die Wahl strahlt auf die T\u00fcrkei und den gesamten \u00f6stlichen Mittelmeerraum aus.<\/a><\/p>\n\n\n\n<p><\/p>\n\n\n\n<h4 class=\"has-luminous-vivid-orange-color has-text-color wp-block-heading\">12. Oktober 2020, <em>Berliner Zeitung<\/em><\/h4>\n\n\n\n<p><strong>Analyse: Br\u00fcchige Waffenruhe im Kaukasus. Weiter Hoffnung auf diplomatische L\u00f6sung. Russland ist wichtigster Akteur in dem Konflikt.<\/strong><\/p>\n\n\n\n<figure class=\"wp-block-image size-large\"><img loading=\"lazy\" decoding=\"async\" width=\"866\" height=\"710\" src=\"http:\/\/franknordhausen.com\/wp-content\/uploads\/2020\/10\/FN-Screenshot-BLZ-2020-10-12-Bergkarabach.jpg\" alt=\"\" class=\"wp-image-315\" srcset=\"https:\/\/franknordhausen.com\/wp-content\/uploads\/2020\/10\/FN-Screenshot-BLZ-2020-10-12-Bergkarabach.jpg 866w, https:\/\/franknordhausen.com\/wp-content\/uploads\/2020\/10\/FN-Screenshot-BLZ-2020-10-12-Bergkarabach-300x246.jpg 300w, https:\/\/franknordhausen.com\/wp-content\/uploads\/2020\/10\/FN-Screenshot-BLZ-2020-10-12-Bergkarabach-768x630.jpg 768w\" sizes=\"auto, (max-width: 767px) 89vw, (max-width: 1000px) 54vw, (max-width: 1071px) 543px, 580px\" \/><figcaption>Die Berliner Zeitung hat diesen Text nicht online gestellt.. Sie finden eine etwas l\u00e4ngere Version unter meiner Rubrik &#8222;Texte&#8220;.<\/figcaption><\/figure>\n\n\n\n<p><\/p>\n\n\n\n<h4 class=\"has-luminous-vivid-orange-color has-text-color wp-block-heading\">6. Oktober 2020, <em>Frankfurter Rundschau<\/em><\/h4>\n\n\n\n<p><strong>T\u00fcrkei: Kurdische Bauern aus Hubschrauber geworfen? Regierung bestreitet Vorw\u00fcrfe<\/strong><\/p>\n\n\n\n<p>Das t\u00fcrkische Milit\u00e4r soll nach einer PKK-Aktion zwei kurdische Bauern gefoltert haben. Die Regierung bestreitet das. <a href=\"https:\/\/www.fr.de\/politik\/tuerkei-militaer-kurden-bauern-hdp-hubschrauber-geworfen-90061616.html\">Die prokurdische HDP verlangt Gerechtigkeit.<\/a><\/p>\n\n\n\n<p><\/p>\n\n\n\n<h4 class=\"has-luminous-vivid-orange-color has-text-color wp-block-heading\">30. September 2020, <em>Weser-Kurier<\/em><\/h4>\n\n\n\n<p><strong>Krieg im Kaukasus: Erdogan legt sich mit Putin an<\/strong><\/p>\n\n\n\n<p>Mit dem Krieg im Kaukasus provoziert der t\u00fcrkische Pr\u00e4sident Erdogan den Kreml. <a href=\"https:\/\/www.weser-kurier.de\/deutschland-welt\/deutschland-welt-politik_artikel,-erdogan-legt-sich-mit-putin-an-_arid,1936528.html\">Wie immer bei ihm stecken vor allem innenpolitische Motive dahinter, meint Frank Nordhausen<\/a><\/p>\n\n\n\n<p><\/p>\n\n\n\n<h4 class=\"has-luminous-vivid-orange-color has-text-color wp-block-heading\">29. September 2020, <em>Frankfurter Rundschau<\/em><\/h4>\n\n\n\n<p><strong>T\u00fcrkei und der S\u00fcdkaukasus-Konflikt: Erdogans Krawallpolitik<\/strong><\/p>\n\n\n\n<p>Es war kaum zu \u00fcbersehen, dass sich seit Wochen im Kaukasus Kriegsgewitter aufbauten, die sich derzeit mit Wucht entladen. Die K\u00e4mpfe zwischen Aserbaidschan und Armenien um die armenische Enklave Berg-Karabach sind so heftig wie nie seit dem Abschluss des von Russland vermittelten Waffenstillstands von 1994. Zwar bezichtigen sich beide Seiten der Aggression, aber die Vorgeschichte des komplexen Konflikts l\u00e4sst kaum einen Zweifel, <a href=\"https:\/\/www.fr.de\/politik\/erdogans-krawallpolitik-90056735.html\">dass die derzeitigen Angriffe von Baku ausgingen, angefacht von der T\u00fcrkei, die das kleine christliche Armenien als historischen \u201eErzfeind\u201c betrachtet<\/a>.<\/p>\n\n\n\n<p><\/p>\n\n\n\n<h4 class=\"has-luminous-vivid-orange-color has-text-color wp-block-heading\">28. September 2020, <em>Frankfurter Rundschau<\/em><\/h4>\n\n\n\n<p><strong>T\u00fcrkei: Erdogan-Kritiker schlie\u00dfen t\u00fcrkische Anschl\u00e4ge nicht aus: \u201eDas hat eine andere Dimension\u201c<\/strong><\/p>\n\n\n\n<p>Erdogan-Kritiker halten einen Bericht \u00fcber geplante t\u00fcrkische Anschl\u00e4ge in \u00d6sterreich f\u00fcr glaubhaft. <a href=\"https:\/\/www.fr.de\/politik\/erdogan-kritiker-oesterreich-anschlaege-tuerkei-90053735.html\">Der t\u00fcrkische Geheimdienst MIT soll ein Netzwerk in \u00d6sterreich aufgebaut haben.<\/a><\/p>\n\n\n\n<p><\/p>\n\n\n\n<h4 class=\"has-luminous-vivid-orange-color has-text-color wp-block-heading\">1. September 2020, Rheinische Post<\/h4>\n\n\n\n<p><strong>Explosion im Libanon : Der Weg in die Katastrophe von Beirut<\/strong><\/p>\n\n\n\n<p><em>Beirut<\/em> Die verheerende Explosion in der libanesischen Hauptstadt mit mehr als hundert Toten und Tausenden Verletzten hat eine Vorgeschichte. <a href=\"https:\/\/rp-online.de\/politik\/ausland\/explosion-der-weg-in-die-katastrophe-von-beirut_aid-53013879#successLogin\">Sie beginnt sieben Jahre zuvor im Hafen von Batumi in Georgien \u2013 und sie liest sich wie ein Krimi.<\/a><\/p>\n\n\n\n<p><\/p>\n\n\n\n<h4 class=\"has-luminous-vivid-orange-color has-text-color wp-block-heading\">27. August 2020, <em>Berliner Zeitung<\/em><\/h4>\n\n\n\n<p><strong>Recherche : Die letzte Fahrt der Rhosus<\/strong><\/p>\n\n\n\n<p>Drei Wochen nach der Explosion im Hafen von Beirut beginnt die juristische Aufarbeitung der Katastrophe. <a href=\"https:\/\/www.berliner-zeitung.de\/politik-gesellschaft\/die-letzte-fahrt-der-rhosus-li.101039\">Die Spur f\u00fchrt nach Zypern \u2013 in ein Milieu windiger Gesch\u00e4ftsleute, Offshorefirmen und maroder Schiffe<\/a><\/p>\n\n\n\n<p><\/p>\n\n\n\n<h4 class=\"has-luminous-vivid-orange-color has-text-color wp-block-heading\">26. August 2020, <em>Frankfurter Rundschau<\/em><\/h4>\n\n\n\n<p><strong>Explosion &#8211; \u201eSchwimmende Bombe\u201c in Beirut: Die fatale Irrfahrt der MS Rhosus<\/strong><\/p>\n\n\n\n<p>Die \u201eRhosus\u201c hatte das Ammoniumnitrat an Bord, das die verheerende Explosion in Beirut verursacht haben soll. Warum ging der Frachter dort Ende 2013 vor Anker, obwohl die Ladung f\u00fcr Mosambik bestimmt war? <a href=\"https:\/\/www.fr.de\/panorama\/beirut-explosion-rhosus-ammoniumnitrat-libanon-schiff-fracht-hafen-90031172.html\">Und weshalb durfte er nicht mehr auslaufen?<\/a><\/p>\n\n\n\n<p><\/p>\n\n\n\n<h4 class=\"has-luminous-vivid-orange-color has-text-color wp-block-heading\">25. August 2020, <em>Berliner Zeitung<\/em><\/h4>\n\n\n\n<p><strong>Ohne Urteil seit mehr als 1000 Tagen im Hochsicherheitsgef\u00e4ngnis: Osman Kavala<\/strong><\/p>\n\n\n\n<p>Der Million\u00e4r und Kulturm\u00e4zen Osman Kavala wurde dreimal freigelassen und einmal freigesprochen, doch in Haft sitzt er immer noch. <a href=\"https:\/\/www.berliner-zeitung.de\/kultur-vergnuegen\/ohne-urteil-seit-mehr-als-1000-tagen-im-hochsicherheitsgefaengnis-osman-kavala-li.100188\">K\u00fcnstler solidarisieren sich mit ihm, doch Erdogan verbittet sich jede Einmischung<\/a>.<\/p>\n\n\n\n<p><\/p>\n\n\n\n<h4 class=\"has-luminous-vivid-orange-color has-text-color wp-block-heading\">18. August 2020, <em>Frankfurter Rundschau<\/em><\/h4>\n\n\n\n<p><strong>T\u00fcrkei und Griechenland: Konflikt im Mittelmeer: Es geht ums Prinzip, nicht ums Gas<\/strong><\/p>\n\n\n\n<p>Zwischen der T\u00fcrkei und Griechenland spitzt sich der Streit um Rohstoffvorkommen weiter zu \u2013 <a href=\"https:\/\/www.fr.de\/politik\/es-geht-ums-prinzip-nicht-ums-gasseerecht-90024490.html\">die Gr\u00fcnde daf\u00fcr findet man aber nicht am Meeresgrund, sondern in der Geschichte<\/a>.<\/p>\n\n\n\n<p><\/p>\n\n\n\n<h4 class=\"has-luminous-vivid-orange-color has-text-color wp-block-heading\">16. August 2020, Weser-Kurier<\/h4>\n\n\n\n<p><strong>Krise in der \u00c4g\u00e4is: Ankara provoziert, Athen schickt Kriegsschiffe<\/strong><\/p>\n\n\n\n<p>Eigentlich wollen weder Ankara noch Athen einen Krieg, doch die Lage ist ernst. Es fehlt nur ein Funke. <a href=\"https:\/\/www.weser-kurier.de\/deutschland-welt\/deutschland-welt-politik_artikel,-ankara-provoziert-athen-schickt-kriegsschiffe-_arid,1928559.html\">Dabei geht es nur vordergr\u00fcndig um \u00d6l- und Gas, sondern um politischen Einfluss, meint Frank Nordhausen<\/a>.<\/p>\n\n\n\n<h4 class=\"has-luminous-vivid-orange-color has-text-color wp-block-heading\">10. August 2020, <em>Focus Magazin<\/em><\/h4>\n\n\n\n<figure class=\"wp-block-image size-large\"><img loading=\"lazy\" decoding=\"async\" width=\"675\" height=\"743\" src=\"http:\/\/franknordhausen.com\/wp-content\/uploads\/2020\/08\/FN-Screenshot-Focus-Erdogan-2020-08.jpg\" alt=\"\" class=\"wp-image-278\" srcset=\"https:\/\/franknordhausen.com\/wp-content\/uploads\/2020\/08\/FN-Screenshot-Focus-Erdogan-2020-08.jpg 675w, https:\/\/franknordhausen.com\/wp-content\/uploads\/2020\/08\/FN-Screenshot-Focus-Erdogan-2020-08-273x300.jpg 273w\" sizes=\"auto, (max-width: 675px) 100vw, 675px\" \/><\/figure>\n\n\n\n<p><strong>Der Sultan k\u00e4mpft ums \u00dcberleben<\/strong><\/p>\n\n\n\n<p>Als der t\u00fcrkische Staatspr\u00e4sident Recep Tayyip Erdogan Ende Juli die legend\u00e4re Hagia Sophia in Istanbul wieder zur Moschee umwidmete und 350.000&nbsp; T\u00fcrken vor dem 15 Jahrhunderte alten Geb\u00e4ude zum Gebet niederknieten, kam es zum Moment,<a href=\"https:\/\/www.focus.de\/politik\/ausland\/ausland-tuerkei-der-sultan-kaempft-ums-ueberleben_id_12268074.html\"> in dem sich die T\u00fcrkei von der Moderne verabschiedete<\/a>.<\/p>\n\n\n\n<p><\/p>\n\n\n\n<h4 class=\"has-luminous-vivid-orange-color has-text-color wp-block-heading\">28. Juli 2020, <em>Berliner Zeitung<\/em><\/h4>\n\n\n\n<figure class=\"wp-block-image size-large\"><img loading=\"lazy\" decoding=\"async\" width=\"1024\" height=\"811\" src=\"http:\/\/franknordhausen.com\/wp-content\/uploads\/2020\/07\/FN-Screenshot-BLZ-2020-07-28-1024x811.jpg\" alt=\"\" class=\"wp-image-261\" srcset=\"https:\/\/franknordhausen.com\/wp-content\/uploads\/2020\/07\/FN-Screenshot-BLZ-2020-07-28-1024x811.jpg 1024w, https:\/\/franknordhausen.com\/wp-content\/uploads\/2020\/07\/FN-Screenshot-BLZ-2020-07-28-300x238.jpg 300w, https:\/\/franknordhausen.com\/wp-content\/uploads\/2020\/07\/FN-Screenshot-BLZ-2020-07-28-768x608.jpg 768w, https:\/\/franknordhausen.com\/wp-content\/uploads\/2020\/07\/FN-Screenshot-BLZ-2020-07-28.jpg 1062w\" sizes=\"auto, (max-width: 767px) 89vw, (max-width: 1000px) 54vw, (max-width: 1071px) 543px, 580px\" \/><\/figure>\n\n\n\n<p><strong>Gestrandet<\/strong><\/p>\n\n\n\n<p><strong>Corona und die Flugpause<\/strong>: Fliegen war f\u00fcr unseren Korrespondenten Frank Nordhausen Routine. Als sein Gastland Zypern wegen Corona die Flugh\u00e4fen schloss, war er gerade in Berlin. Er musste bleiben, entdeckte seine Heimatstadt neu, ertrug lange Quarant\u00e4ne-Tage. <a href=\"https:\/\/www.berliner-zeitung.de\/politik-gesellschaft\/corona-und-die-abschottung-von-der-welt-li.95277\">Jetzt ist er wieder unterwegs. Und alles ist anders.<\/a><\/p>\n\n\n\n<p><\/p>\n\n\n\n<h4 class=\"has-luminous-vivid-orange-color has-text-color wp-block-heading\">23. Juli 2020, <em>Berliner Zeitung<\/em><\/h4>\n\n\n\n<figure class=\"wp-block-image size-large\"><img loading=\"lazy\" decoding=\"async\" width=\"1024\" height=\"449\" src=\"http:\/\/franknordhausen.com\/wp-content\/uploads\/2020\/07\/FN-Screenshot-BLZ-2020-07-23-1024x449.jpg\" alt=\"\" class=\"wp-image-259\" srcset=\"https:\/\/franknordhausen.com\/wp-content\/uploads\/2020\/07\/FN-Screenshot-BLZ-2020-07-23-1024x449.jpg 1024w, https:\/\/franknordhausen.com\/wp-content\/uploads\/2020\/07\/FN-Screenshot-BLZ-2020-07-23-300x131.jpg 300w, https:\/\/franknordhausen.com\/wp-content\/uploads\/2020\/07\/FN-Screenshot-BLZ-2020-07-23-768x337.jpg 768w, https:\/\/franknordhausen.com\/wp-content\/uploads\/2020\/07\/FN-Screenshot-BLZ-2020-07-23.jpg 1230w\" sizes=\"auto, (max-width: 767px) 89vw, (max-width: 1000px) 54vw, (max-width: 1071px) 543px, 580px\" \/><\/figure>\n\n\n\n<p><strong>Kommentar: Erdogans Spektakel um die Hagia Sophia<\/strong><\/p>\n\n\n\n<p>Freitag findet das erste \u00f6ffentliche muslimische Gebet in dem Istanbuler Sakralbau seit 85 Jahren statt. Es wird live \u00fcbertragen. <a href=\"https:\/\/www.berliner-zeitung.de\/politik-gesellschaft\/erdogans-spektakel-um-die-hagia-sophia-li.94751\">Die Fernsehshow ist die eigentliche Botschaft Erdogans, der damit von \u00f6konomischen H\u00e4rten im Land ablenken will.<\/a><\/p>\n\n\n\n<p><\/p>\n\n\n\n<h4 class=\"has-luminous-vivid-orange-color has-text-color wp-block-heading\">20. Juli 2020, <em>Frankfurter Rundschau<\/em><\/h4>\n\n\n\n<figure class=\"wp-block-image size-large\"><img loading=\"lazy\" decoding=\"async\" width=\"814\" height=\"819\" src=\"http:\/\/franknordhausen.com\/wp-content\/uploads\/2020\/07\/FN-Screenshot-FR-2020-07-20.jpg\" alt=\"\" class=\"wp-image-250\" srcset=\"https:\/\/franknordhausen.com\/wp-content\/uploads\/2020\/07\/FN-Screenshot-FR-2020-07-20.jpg 814w, https:\/\/franknordhausen.com\/wp-content\/uploads\/2020\/07\/FN-Screenshot-FR-2020-07-20-298x300.jpg 298w, https:\/\/franknordhausen.com\/wp-content\/uploads\/2020\/07\/FN-Screenshot-FR-2020-07-20-150x150.jpg 150w, https:\/\/franknordhausen.com\/wp-content\/uploads\/2020\/07\/FN-Screenshot-FR-2020-07-20-768x773.jpg 768w, https:\/\/franknordhausen.com\/wp-content\/uploads\/2020\/07\/FN-Screenshot-FR-2020-07-20-100x100.jpg 100w\" sizes=\"auto, (max-width: 767px) 89vw, (max-width: 1000px) 54vw, (max-width: 1071px) 543px, 580px\" \/><\/figure>\n\n\n\n<p>Die Opposition in der T\u00fcrkei wirft dem Pr\u00e4sidenten Recep Tayyip Erdogan vor, <a href=\"https:\/\/www.fr.de\/politik\/recep-tayyip-erdogan-tuerkei-praesident-spenden-usa-skandal-vermoegen-geld-ausland-13838503.html\">f\u00fcr den Fall des Machtverlusts sein Verm\u00f6gen in die USA zu schaffen<\/a>.<\/p>\n\n\n\n<p><\/p>\n\n\n\n<h4 class=\"has-luminous-vivid-orange-color has-text-color wp-block-heading\">17. Juli 2020, <em>Frankfurter Rundschau<\/em><\/h4>\n\n\n\n<figure class=\"wp-block-image size-large\"><img loading=\"lazy\" decoding=\"async\" width=\"829\" height=\"509\" src=\"http:\/\/franknordhausen.com\/wp-content\/uploads\/2020\/07\/FN-Screenshot-FR-2020-07-17.jpg\" alt=\"\" class=\"wp-image-253\" srcset=\"https:\/\/franknordhausen.com\/wp-content\/uploads\/2020\/07\/FN-Screenshot-FR-2020-07-17.jpg 829w, https:\/\/franknordhausen.com\/wp-content\/uploads\/2020\/07\/FN-Screenshot-FR-2020-07-17-300x184.jpg 300w, https:\/\/franknordhausen.com\/wp-content\/uploads\/2020\/07\/FN-Screenshot-FR-2020-07-17-768x472.jpg 768w\" sizes=\"auto, (max-width: 767px) 89vw, (max-width: 1000px) 54vw, (max-width: 1071px) 543px, 580px\" \/><\/figure>\n\n\n\n<p><strong>\u201eAuch das System Erdogan wird untergehen\u201c<\/strong><\/p>\n\n\n\n<p>Vor vier Jahren scheiterte der Putschversuch gegen das Erdogan-Regime. Tausende Juristen wurden verhaftet, <a href=\"https:\/\/www.fr.de\/politik\/recep-tayyip-erdogan-tuerkei-putschversuch-militaer-justiz-untergehen-13832475.html\">auch H\u00fclya und Mehmet \u00d6zkan, die jetzt in Deutschland leben<\/a>.<\/p>\n\n\n\n<ul class=\"wp-block-list\"><li>Vor vier Jahren scheiterte ein Putschversuch in der T\u00fcrkei <\/li><li>Die <strong>Regierung<\/strong> lie\u00df daraufhin tausende Mitarbeiter Justiz festnehmen<\/li><li>Einige der entlassenen <strong>Juristen<\/strong> leben nun im <strong>Exil <\/strong>in Deutschland<\/li><\/ul>\n\n\n\n<p><\/p>\n\n\n\n<h4 class=\"has-luminous-vivid-orange-color has-text-color wp-block-heading\">13. Juli 2020, <em>Frankfurter Rundschau<\/em><\/h4>\n\n\n\n<figure class=\"wp-block-image size-large\"><img loading=\"lazy\" decoding=\"async\" width=\"830\" height=\"753\" src=\"http:\/\/franknordhausen.com\/wp-content\/uploads\/2020\/07\/FN-Screenshot-FR-2020-07-13.jpg\" alt=\"\" class=\"wp-image-256\" srcset=\"https:\/\/franknordhausen.com\/wp-content\/uploads\/2020\/07\/FN-Screenshot-FR-2020-07-13.jpg 830w, https:\/\/franknordhausen.com\/wp-content\/uploads\/2020\/07\/FN-Screenshot-FR-2020-07-13-300x272.jpg 300w, https:\/\/franknordhausen.com\/wp-content\/uploads\/2020\/07\/FN-Screenshot-FR-2020-07-13-768x697.jpg 768w\" sizes=\"auto, (max-width: 767px) 89vw, (max-width: 1000px) 54vw, (max-width: 1071px) 543px, 580px\" \/><\/figure>\n\n\n\n<p>Die Umwandlung der Hagia Sophia in Istanbul zeigt, wie nerv\u00f6s der t\u00fcrkische Pr\u00e4sident Erdogan ist. <a href=\"https:\/\/www.fr.de\/meinung\/hagia-sophia-umwandlung-moschee-istanbul-tuerkei-leitartikel-symbolik-zaehlt-13830003.html\">Doch viele seiner Probleme wird er so nicht l\u00f6sen k\u00f6nnen.<\/a><\/p>\n\n\n\n<p><\/p>\n\n\n\n<h4 class=\"has-luminous-vivid-orange-color has-text-color wp-block-heading\">11. Juli 2020, <em>Kleine Zeitung<\/em> Graz<\/h4>\n\n\n\n<p><strong>Trumpfkarte Erdogans: Warum<\/strong> <strong>die Hagia Sophia wieder zur Moschee werden soll<\/strong><\/p>\n\n\n\n<p>Triumph f\u00fcr den t\u00fcrkischen Pr\u00e4sidenten Erdogan. Seine Kritiker orten allerdings eine nationalistische Selbstinszenierung und ein Ablenkungsman\u00f6ver. <\/p>\n\n\n\n<p>Das oberste Verwaltungsgericht in der T\u00fcrkei hat den Weg daf\u00fcr freigemacht, die Hagia Sophia in Istanbul in eine Moschee umzuwandeln. <a href=\"https:\/\/www.kleinezeitung.at\/politik\/5838138\/Trumpfkarte-Erdogans_Warum-die-Hagia-Sophia-wieder-zur-Moschee\">Das Gericht annullierte am Freitag den Status der einstigen Kirche als Museum. <\/a>(&#8230;)<\/p>\n\n\n\n<p><\/p>\n\n\n\n<h4 class=\"has-luminous-vivid-orange-color has-text-color wp-block-heading\">10. Juli 2020, <em>Redaktionsnetzwerk Deutschland<\/em><\/h4>\n\n\n\n<p><strong>Kommentar:  Hagia Sophia als Moschee \u2013 Erdogans Traum wird wahr<\/strong><\/p>\n\n\n\n<p>Der t\u00fcrkische Staatspr\u00e4sident Recep Tayyip Erdogan hat sich einen lang gehegten Traum erf\u00fcllt. Es kann kein Zweifel bestehen, dass er allein die Entscheidung des obersten Verwaltungsgerichts, die Hagia Sophia in Istanbul wieder vom Museum in eine Moschee zu verwandeln, zu verantworten hat. <a href=\"https:\/\/www.rnd.de\/politik\/hagia-sophia-als-moschee-erdogans-traum-wird-wahr-WJZN26X2JNBGVFLC445GPN5AIQ.html\">Das ber\u00fchmteste Geb\u00e4ude der T\u00fcrkei ist mit Symbolik bis dicht unter die grandiose Kuppel aufgeladen.<\/a> (&#8230;)<\/p>\n\n\n\n<p><\/p>\n\n\n\n<h4 class=\"has-luminous-vivid-orange-color has-text-color wp-block-heading\">2. Juli 2020, <em>Berliner Zeitung<\/em><\/h4>\n\n\n\n<figure class=\"wp-block-image size-large\"><img loading=\"lazy\" decoding=\"async\" width=\"891\" height=\"370\" src=\"http:\/\/franknordhausen.com\/wp-content\/uploads\/2020\/07\/FN-Screenshot-BLZ-2020-07-02.jpg\" alt=\"\" class=\"wp-image-240\" srcset=\"https:\/\/franknordhausen.com\/wp-content\/uploads\/2020\/07\/FN-Screenshot-BLZ-2020-07-02.jpg 891w, https:\/\/franknordhausen.com\/wp-content\/uploads\/2020\/07\/FN-Screenshot-BLZ-2020-07-02-300x125.jpg 300w, https:\/\/franknordhausen.com\/wp-content\/uploads\/2020\/07\/FN-Screenshot-BLZ-2020-07-02-768x319.jpg 768w\" sizes=\"auto, (max-width: 767px) 89vw, (max-width: 1000px) 54vw, (max-width: 1071px) 543px, 580px\" \/><figcaption>Die Berliner Zeitung hat diesen Text nicht online gestellt.. Sie finden eine l\u00e4ngere Version unter meiner Rubrik &#8222;Texte&#8220;.<\/figcaption><\/figure>\n\n\n\n<p><\/p>\n","protected":false},"excerpt":{"rendered":"<p>In dieser Rubrik finden Sie Artikel von mir, die im zweiten Halbjahr 2020 ver\u00f6ffentlicht wurden. Ich habe die Texte, soweit m\u00f6glich, auf die Originalver\u00f6ffentlichung verlinkt. 23. Dezember 2020, Berliner Zeitung Kommentar: Prozess gegen Can D\u00fcndar: Das Terrorurteil Der D\u00fcndar-Prozess beweist erneut, dass es Zeit ist f\u00fcr die EU, Erdogan endlich Grenzen zu ziehen. (Paywall; Sie &hellip; <\/p>\n<p class=\"link-more\"><a href=\"https:\/\/franknordhausen.com\/?page_id=10\" class=\"more-link\"><span class=\"screen-reader-text\">\u201eVer\u00f6ffentlichungen Juli &#8211; Dezember 2020\u201c<\/span> weiterlesen<\/a><\/p>\n","protected":false},"author":1,"featured_media":0,"parent":0,"menu_order":0,"comment_status":"closed","ping_status":"closed","template":"","meta":{"footnotes":""},"class_list":["post-10","page","type-page","status-publish","hentry"],"_links":{"self":[{"href":"https:\/\/franknordhausen.com\/index.php?rest_route=\/wp\/v2\/pages\/10","targetHints":{"allow":["GET"]}}],"collection":[{"href":"https:\/\/franknordhausen.com\/index.php?rest_route=\/wp\/v2\/pages"}],"about":[{"href":"https:\/\/franknordhausen.com\/index.php?rest_route=\/wp\/v2\/types\/page"}],"author":[{"embeddable":true,"href":"https:\/\/franknordhausen.com\/index.php?rest_route=\/wp\/v2\/users\/1"}],"replies":[{"embeddable":true,"href":"https:\/\/franknordhausen.com\/index.php?rest_route=%2Fwp%2Fv2%2Fcomments&post=10"}],"version-history":[{"count":104,"href":"https:\/\/franknordhausen.com\/index.php?rest_route=\/wp\/v2\/pages\/10\/revisions"}],"predecessor-version":[{"id":357,"href":"https:\/\/franknordhausen.com\/index.php?rest_route=\/wp\/v2\/pages\/10\/revisions\/357"}],"wp:attachment":[{"href":"https:\/\/franknordhausen.com\/index.php?rest_route=%2Fwp%2Fv2%2Fmedia&parent=10"}],"curies":[{"name":"wp","href":"https:\/\/api.w.org\/{rel}","templated":true}]}}